{"id":867,"date":"2022-05-20T10:34:37","date_gmt":"2022-05-20T08:34:37","guid":{"rendered":"https:\/\/residence-casarina.com\/la-residence\/"},"modified":"2026-02-04T12:42:35","modified_gmt":"2026-02-04T11:42:35","slug":"residenz-dienste","status":"publish","type":"page","link":"https:\/\/residence-casarina.com\/de\/residenz-dienste\/","title":{"rendered":"Residenz &#038; unsere Dienste"},"content":{"rendered":"<div class=\"wpb-content-wrapper\"><p>[vc_row css=&#8220;.vc_custom_1686923098039{padding-right: 10px !important;padding-left: 10px !important;}&#8220;][vc_column]\n\t\t\t<!-- START Residence REVOLUTION SLIDER 6.7.38 --><p class=\"rs-p-wp-fix\"><\/p>\n\t\t\t<rs-module-wrap id=\"rev_slider_3_1_wrapper\" data-source=\"gallery\" style=\"visibility:hidden;background:transparent;padding:20px;margin:0px auto;margin-top:0;margin-bottom:0;\">\n\t\t\t\t<rs-module id=\"rev_slider_3_1\" style=\"\" data-version=\"6.7.38\">\n\t\t\t\t\t<rs-slides style=\"overflow: hidden; position: absolute;\">\n\t\t\t\t\t\t<rs-slide style=\"position: absolute;\" data-key=\"rs-19\" data-title=\"Slide\" data-anim=\"adpr:false;\" data-in=\"o:0;\" data-out=\"a:false;\">\n\t\t\t\t\t\t\t<img decoding=\"async\" src=\"\/\/residence-casarina.com\/wp-content\/plugins\/revslider\/sr6\/assets\/assets\/dummy.png\" alt=\"\" title=\"residence-corse-sud-chambre-appartement-balcon-terrasse-vue-piscine-jardin\" width=\"1621\" height=\"1080\" class=\"rev-slidebg tp-rs-img rs-lazyload\" data-lazyload=\"\/\/residence-casarina.com\/wp-content\/uploads\/2025\/07\/residence-corse-sud-chambre-appartement-balcon-terrasse-vue-piscine-jardin.jpg\" data-no-retina>\n<!---->\t\t\t\t\t<\/rs-slide>\n\t\t\t\t\t<\/rs-slides>\n\t\t\t\t<\/rs-module>\n\t\t\t\t<script>\n\t\t\t\t\tsetREVStartSize({c: 'rev_slider_3_1',rl:[1240,1024,778,480],el:[700],gw:[1240],gh:[700],type:'standard',justify:'',layout:'fullwidth',mh:\"0\"});if (window.RS_MODULES!==undefined && window.RS_MODULES.modules!==undefined && window.RS_MODULES.modules[\"revslider31\"]!==undefined) {window.RS_MODULES.modules[\"revslider31\"].once = false;window.revapi3 = undefined;if (window.RS_MODULES.checkMinimal!==undefined) window.RS_MODULES.checkMinimal()}\n\t\t\t\t<\/script>\n\t\t\t<\/rs-module-wrap>\n\t\t\t<!-- END REVOLUTION SLIDER -->\n[\/vc_column][\/vc_row][vc_row full_width=&#8220;stretch_row_content&#8220; css=&#8220;.vc_custom_1627481226197{padding-right: 15px !important;padding-left: 15px !important;}&#8220;][vc_column width=&#8220;1\/4&#8243;][\/vc_column][vc_column width=&#8220;1\/2&#8243;]<div class=\"ult-spacer spacer-69ef65b1d70b6\" data-id=\"69ef65b1d70b6\" data-height=\"100\" data-height-mobile=\"50\" data-height-tab=\"\" data-height-tab-portrait=\"\" data-height-mobile-landscape=\"\" style=\"clear:both;display:block;\"><\/div>[vc_custom_heading text=&#8220;Intime Atmosph\u00e4re<br \/>\nwo sich korsische Tradition und<br \/>\nmoderne Lebensweise treffen&#8220; font_container=&#8220;tag:h1|text_align:center|line_height:26px&#8220; use_theme_fonts=&#8220;yes&#8220;]<div class=\"ult-spacer spacer-69ef65b1d70e2\" data-id=\"69ef65b1d70e2\" data-height=\"20\" data-height-mobile=\"10\" data-height-tab=\"\" data-height-tab-portrait=\"\" data-height-mobile-landscape=\"\" style=\"clear:both;display:block;\"><\/div>[vc_column_text]<\/p>\n<p style=\"text-align: justify;\">Als Noelle und David in 2011 Casarina kauften, stellten sie sich die Aufgabe, die Residenz komplett zu renovieren und dabei ihre pers\u00f6nliche Note einzubringen. Die Gem\u00fctlichkeit, dort zu leben, mischt sich mit der Liebe zum Detail, die unsere G\u00e4ste verf\u00fchrt. Im Laufe der Jahre erneuert sich die Residenz, bietet immer mehr neue Dienstleistungen an und verfolgt einen \u00f6kologisch verantwortlichen Ansatz.<\/p>\n<p style=\"text-align: justify;\">Auf 2 Hektar \u00fcppiger und endemischer Vegetation sind die Zimmer, Appartements oder Villen verteilt, um die Ruhe des Ortes und eine perfekte Harmonie mit der Natur zu bewahren. Auf den H\u00fcgeln gelegen, haben einige Unterk\u00fcnfte einen Blick auf den Golf von Sant&#8217;Amanza, andere auf die umliegende Landschaft oder auf den Park.<\/p>\n<p>[\/vc_column_text]<div class=\"ult-spacer spacer-69ef65b1d70fc\" data-id=\"69ef65b1d70fc\" data-height=\"10\" data-height-mobile=\"10\" data-height-tab=\"10\" data-height-tab-portrait=\"\" data-height-mobile-landscape=\"\" style=\"clear:both;display:block;\"><\/div><style type=\"text\/css\" data-type=\"the7_shortcodes-inline-css\">#default-btn-2bc42673d96da8a9deb34a50703c7a83.ico-right-side > i {\n  margin-right: 0px;\n  margin-left: 8px;\n}\n#default-btn-2bc42673d96da8a9deb34a50703c7a83 > i {\n  margin-right: 8px;\n}\n<\/style><div class=\"btn-align-center\"><a href=\"https:\/\/residence-casarina.com\/de\/unterkunft\/\" class=\"default-btn-shortcode dt-btn dt-btn-m link-hover-off \" id=\"default-btn-2bc42673d96da8a9deb34a50703c7a83\" title=\"Unterk\u00fcnfte\"><span>Unsere Unterk\u00fcnfte<\/span><\/a><\/div><div class=\"ult-spacer spacer-69ef65b1d7229\" data-id=\"69ef65b1d7229\" data-height=\"100\" data-height-mobile=\"50\" data-height-tab=\"\" data-height-tab-portrait=\"\" data-height-mobile-landscape=\"\" style=\"clear:both;display:block;\"><\/div>[\/vc_column][vc_column width=&#8220;1\/4&#8243;][\/vc_column][\/vc_row][vc_row full_width=&#8220;stretch_row_content&#8220; css=&#8220;.vc_custom_1627551429825{padding-right: 25px !important;padding-left: 25px !important;}&#8220;][vc_column width=&#8220;1\/2&#8243; css=&#8220;.vc_custom_1631289607964{margin-left: 0px !important;padding-left: 0px !important;}&#8220;][vc_single_image image=&#8220;1659&#8243; img_size=&#8220;1000&#215;1000&#8243; alignment=&#8220;center&#8220; css=&#8220;.vc_custom_1751534907175{margin-bottom: 0px !important;margin-left: 0px !important;padding-bottom: 0px !important;padding-left: 0px !important;}&#8220;]<div class=\"ult-spacer spacer-69ef65b1d7251\" data-id=\"69ef65b1d7251\" data-height=\"25\" data-height-mobile=\"25\" data-height-tab=\"25\" data-height-tab-portrait=\"\" data-height-mobile-landscape=\"\" style=\"clear:both;display:block;\"><\/div>[vc_custom_heading text=&#8220;Pool&#8220; font_container=&#8220;tag:h3|text_align:left&#8220; use_theme_fonts=&#8220;yes&#8220;]<div class=\"ult-spacer spacer-69ef65b1d7272\" data-id=\"69ef65b1d7272\" data-height=\"10\" data-height-mobile=\"10\" data-height-tab=\"10\" data-height-tab-portrait=\"\" data-height-mobile-landscape=\"\" style=\"clear:both;display:block;\"><\/div>[vc_column_text css=&#8220;.vc_custom_1710837459152{margin-bottom: 0px !important;}&#8220;]<\/p>\n<p style=\"text-align: justify;\">Der Poolbereich mit 2 beheizten Pools im Herzen des Parks mit seiner endemischen und \u00fcppigen Vegetation l\u00e4dt zum Entspannen ein. Um seine Br\u00e4une zu verfeinern, ein Nickerchen im Schatten der Betten zu machen oder ein Buch mit der sanften Melodie eines vorbeiziehenden Vogels als Hintergrund zu lesen, gibt es viele M\u00f6glichkeiten f\u00fcr ein gemeinsames Ziel: eine Pause von der Entspannung im Alltag, Zuh\u00f6ren, sich trennen, sich erholen.<br \/>\nDie Fl\u00e4che ist w\u00e4hrend der gesamten Saison von April bis November in Betrieb.<\/p>\n<p>[\/vc_column_text]<div class=\"ult-spacer spacer-69ef65b1d7291\" data-id=\"69ef65b1d7291\" data-height=\"100\" data-height-mobile=\"50\" data-height-tab=\"\" data-height-tab-portrait=\"\" data-height-mobile-landscape=\"\" style=\"clear:both;display:block;\"><\/div>[\/vc_column][vc_column width=&#8220;1\/2&#8243; css=&#8220;.vc_custom_1631289616207{margin-right: 0px !important;padding-right: 0px !important;}&#8220;][vc_single_image image=&#8220;1374&#8243; img_size=&#8220;1000&#215;1000&#8243; alignment=&#8220;center&#8220; css=&#8220;.vc_custom_1687250917702{margin-right: 0px !important;margin-bottom: 0px !important;margin-left: 0px !important;padding-right: 0px !important;padding-bottom: 0px !important;padding-left: 0px !important;}&#8220;]<div class=\"ult-spacer spacer-69ef65b1d72ad\" data-id=\"69ef65b1d72ad\" data-height=\"25\" data-height-mobile=\"25\" data-height-tab=\"25\" data-height-tab-portrait=\"\" data-height-mobile-landscape=\"\" style=\"clear:both;display:block;\"><\/div>[vc_custom_heading text=&#8220;Situation&#8220; font_container=&#8220;tag:h3|text_align:left&#8220; use_theme_fonts=&#8220;yes&#8220;]<div class=\"ult-spacer spacer-69ef65b1d72c8\" data-id=\"69ef65b1d72c8\" data-height=\"10\" data-height-mobile=\"10\" data-height-tab=\"10\" data-height-tab-portrait=\"\" data-height-mobile-landscape=\"\" style=\"clear:both;display:block;\"><\/div>[vc_column_text css=&#8220;.vc_custom_1686564455882{margin-bottom: 0px !important;}&#8220;]<\/p>\n<p style=\"text-align: justify;\">Zwischen Meer und Macchia genie\u00dft die Residenz Casarina eine au\u00dfergew\u00f6hnliche geografische Lage. Nur 300 Meter entfernt liegt der Strand von Maora im Golf von Sant&#8217;Amanza mit seinen Restaurants, Liegest\u00fchlen, Snacks und einer Reihe von Wassersportaktivit\u00e4ten. Da es sich im Osten befindet, ist es der perfekte Ort, um den Sonnenaufgang zu bewundern!<\/p>\n<p style=\"text-align: justify;\">Ein paar Minuten mit dem Auto ist der Hafen und die Zitadelle von Bonifacio, und im Durchschnitt etwa zehn Minuten, viele paradiesische Str\u00e4nde.<\/p>\n<p>[\/vc_column_text]<div class=\"ult-spacer spacer-69ef65b1d72e4\" data-id=\"69ef65b1d72e4\" data-height=\"100\" data-height-mobile=\"50\" data-height-tab=\"\" data-height-tab-portrait=\"\" data-height-mobile-landscape=\"\" style=\"clear:both;display:block;\"><\/div>[\/vc_column][\/vc_row][vc_row full_width=&#8220;stretch_row_content&#8220; css=&#8220;.vc_custom_1770071598399{padding-right: 25px !important;padding-left: 25px !important;background-color: #E6E2DB !important;}&#8220;][vc_column][vc_row_inner content_placement=&#8220;middle&#8220;][vc_column_inner width=&#8220;1\/12&#8243;][\/vc_column_inner][vc_column_inner width=&#8220;7\/12&#8243;]<div class=\"ult-spacer spacer-69ef65b1d72ff\" data-id=\"69ef65b1d72ff\" data-height=\"80\" data-height-mobile=\"25\" data-height-tab=\"\" data-height-tab-portrait=\"\" data-height-mobile-landscape=\"\" style=\"clear:both;display:block;\"><\/div>[vc_single_image image=&#8220;1649&#8243; img_size=&#8220;1200&#215;600&#8243;]<div class=\"ult-spacer spacer-69ef65b1d7319\" data-id=\"69ef65b1d7319\" data-height=\"100\" data-height-mobile=\"25\" data-height-tab=\"\" data-height-tab-portrait=\"\" data-height-mobile-landscape=\"\" style=\"clear:both;display:block;\"><\/div>[\/vc_column_inner][vc_column_inner width=&#8220;3\/12&#8243;]<div class=\"ult-spacer spacer-69ef65b1d7333\" data-id=\"69ef65b1d7333\" data-height=\"100\" data-height-mobile=\"25\" data-height-tab=\"\" data-height-tab-portrait=\"\" data-height-mobile-landscape=\"\" style=\"clear:both;display:block;\"><\/div>[vc_custom_heading text=&#8220;Boutique&#8220; font_container=&#8220;tag:h3|text_align:left&#8220; use_theme_fonts=&#8220;yes&#8220; css=&#8220;&#8220;]<div class=\"ult-spacer spacer-69ef65b1d734f\" data-id=\"69ef65b1d734f\" data-height=\"10\" data-height-mobile=\"10\" data-height-tab=\"10\" data-height-tab-portrait=\"\" data-height-mobile-landscape=\"\" style=\"clear:both;display:block;\"><\/div>[vc_column_text css=&#8220;&#8220;]<\/p>\n<p style=\"text-align: justify;\">Lassen Sie sich von unserem Pop-up-Shop verzaubern!<br data-start=\"507\" data-end=\"510\" \/>Leichte Kleidung, nat\u00fcrlich duftende Kosmetikprodukte und sorgf\u00e4ltig ausgew\u00e4hlte Souvenirs verbinden sich, um das Casarina-Erlebnis weit \u00fcber Ihren Aufenthalt hinaus zu verl\u00e4ngern. Ein Ort zum Bummeln und Entdecken kleiner Lieblingsst\u00fccke, an dem jedes Detail dazu einl\u00e4dt, ein St\u00fcck Urlaub mit nach Hause zu nehmen.<\/p>\n<p>[\/vc_column_text]<div class=\"ult-spacer spacer-69ef65b1d736a\" data-id=\"69ef65b1d736a\" data-height=\"100\" data-height-mobile=\"50\" data-height-tab=\"\" data-height-tab-portrait=\"\" data-height-mobile-landscape=\"\" style=\"clear:both;display:block;\"><\/div>[\/vc_column_inner][vc_column_inner width=&#8220;1\/12&#8243;][\/vc_column_inner][\/vc_row_inner][\/vc_column][\/vc_row][vc_row full_width=&#8220;stretch_row_content&#8220; css=&#8220;.vc_custom_1687250956302{padding-right: 25px !important;padding-left: 25px !important;background-color: #f3eee8 !important;}&#8220;][vc_column][vc_row_inner css=&#8220;.vc_custom_1685383811717{padding-right: 0px !important;padding-left: 0px !important;background-color: #f3eee8 !important;}&#8220;][vc_column_inner width=&#8220;1\/6&#8243;][\/vc_column_inner][vc_column_inner width=&#8220;2\/3&#8243;][vc_custom_heading text=&#8220;unsere Dienste&#8220; font_container=&#8220;tag:h3|text_align:center&#8220; use_theme_fonts=&#8220;yes&#8220;]<div class=\"ult-spacer spacer-69ef65b1d7382\" data-id=\"69ef65b1d7382\" data-height=\"10\" data-height-mobile=\"10\" data-height-tab=\"10\" data-height-tab-portrait=\"\" data-height-mobile-landscape=\"\" style=\"clear:both;display:block;\"><\/div>[\/vc_column_inner][vc_column_inner width=&#8220;1\/6&#8243;][\/vc_column_inner][\/vc_row_inner][vc_row_inner css=&#8220;.vc_custom_1685383831405{padding-right: 0px !important;padding-left: 0px !important;background-color: #f3eee8 !important;}&#8220;][vc_column_inner width=&#8220;1\/3&#8243;][vc_single_image image=&#8220;1362&#8243; img_size=&#8220;500&#215;500&#8243;]<div class=\"ult-spacer spacer-69ef65b1d739b\" data-id=\"69ef65b1d739b\" data-height=\"25\" data-height-mobile=\"25\" data-height-tab=\"25\" data-height-tab-portrait=\"\" data-height-mobile-landscape=\"\" style=\"clear:both;display:block;\"><\/div>[vc_custom_heading text=&#8220;Concierge service&#8220; font_container=&#8220;tag:h3|text_align:left&#8220; use_theme_fonts=&#8220;yes&#8220;]<div class=\"ult-spacer spacer-69ef65b1d73b2\" data-id=\"69ef65b1d73b2\" data-height=\"10\" data-height-mobile=\"10\" data-height-tab=\"10\" data-height-tab-portrait=\"\" data-height-mobile-landscape=\"\" style=\"clear:both;display:block;\"><\/div>[vc_column_text]<\/p>\n<p style=\"text-align: justify;\">Um Ihren Urlaub vor Ihrer Ankunft oder w\u00e4hrend Ihres Aufenthalts zu organisieren, steht Ihnen das Empfangsteam von Casarina zur Verf\u00fcgung, um Sie bei der Buchung Ihrer Aktivit\u00e4ten, Restaurants usw. zu beraten und zu unterst\u00fctzen&#8230;<\/p>\n<p>[\/vc_column_text]<div class=\"ult-spacer spacer-69ef65b1d73ca\" data-id=\"69ef65b1d73ca\" data-height=\"50\" data-height-mobile=\"50\" data-height-tab=\"50\" data-height-tab-portrait=\"\" data-height-mobile-landscape=\"\" style=\"clear:both;display:block;\"><\/div>[\/vc_column_inner][vc_column_inner width=&#8220;1\/3&#8243;][vc_single_image image=&#8220;1377&#8243; img_size=&#8220;500&#215;500&#8243;]<div class=\"ult-spacer spacer-69ef65b1d73e1\" data-id=\"69ef65b1d73e1\" data-height=\"25\" data-height-mobile=\"25\" data-height-tab=\"25\" data-height-tab-portrait=\"\" data-height-mobile-landscape=\"\" style=\"clear:both;display:block;\"><\/div>[vc_custom_heading text=&#8220;Massage &amp; Wellness&#8220; font_container=&#8220;tag:h3|text_align:left&#8220; use_theme_fonts=&#8220;yes&#8220;]<div class=\"ult-spacer spacer-69ef65b1d73f9\" data-id=\"69ef65b1d73f9\" data-height=\"10\" data-height-mobile=\"10\" data-height-tab=\"10\" data-height-tab-portrait=\"\" data-height-mobile-landscape=\"\" style=\"clear:both;display:block;\"><\/div>[vc_column_text css=&#8220;&#8220;]<\/p>\n<p style=\"text-align: justify;\">Die Residenz bietet Ihnen die Dienstleistungen ihrer Partner f\u00fcr einen Moment absoluter Entspannung an. Die Anwendungen werden direkt in Ihrer Unterkunft durchgef\u00fchrt, und Sie k\u00f6nnen die Art der Behandlung w\u00e4hlen, die Ihren W\u00fcnschen entspricht.<\/p>\n<p>[\/vc_column_text]<div class=\"ult-spacer spacer-69ef65b1d7410\" data-id=\"69ef65b1d7410\" data-height=\"50\" data-height-mobile=\"50\" data-height-tab=\"50\" data-height-tab-portrait=\"\" data-height-mobile-landscape=\"\" style=\"clear:both;display:block;\"><\/div>[\/vc_column_inner][vc_column_inner width=&#8220;1\/3&#8243;][vc_single_image image=&#8220;1380&#8243; img_size=&#8220;500&#215;500&#8243;]<div class=\"ult-spacer spacer-69ef65b1d7427\" data-id=\"69ef65b1d7427\" data-height=\"25\" data-height-mobile=\"25\" data-height-tab=\"25\" data-height-tab-portrait=\"\" data-height-mobile-landscape=\"\" style=\"clear:both;display:block;\"><\/div>[vc_custom_heading text=&#8220;Baby set&#8220; font_container=&#8220;tag:h3|text_align:left&#8220; use_theme_fonts=&#8220;yes&#8220;]<div class=\"ult-spacer spacer-69ef65b1d743e\" data-id=\"69ef65b1d743e\" data-height=\"10\" data-height-mobile=\"10\" data-height-tab=\"10\" data-height-tab-portrait=\"\" data-height-mobile-landscape=\"\" style=\"clear:both;display:block;\"><\/div>[vc_column_text]<\/p>\n<p style=\"text-align: justify;\">Sie reisen mit einem Kleinkind? Wir helfen Ihnen bei der Organisation, indem wir Ihnen Kinderbett, Hochstuhl oder Babywanne zur Verf\u00fcgung stellen.<\/p>\n<p>[\/vc_column_text]<div class=\"ult-spacer spacer-69ef65b1d7456\" data-id=\"69ef65b1d7456\" data-height=\"50\" data-height-mobile=\"50\" data-height-tab=\"50\" data-height-tab-portrait=\"\" data-height-mobile-landscape=\"\" style=\"clear:both;display:block;\"><\/div>[\/vc_column_inner][\/vc_row_inner][vc_row_inner css=&#8220;.vc_custom_1685383831405{padding-right: 0px !important;padding-left: 0px !important;background-color: #f3eee8 !important;}&#8220;][vc_column_inner width=&#8220;1\/3&#8243;][vc_single_image image=&#8220;1368&#8243; img_size=&#8220;500&#215;500&#8243;]<div class=\"ult-spacer spacer-69ef65b1d746d\" data-id=\"69ef65b1d746d\" data-height=\"25\" data-height-mobile=\"25\" data-height-tab=\"25\" data-height-tab-portrait=\"\" data-height-mobile-landscape=\"\" style=\"clear:both;display:block;\"><\/div>[vc_custom_heading text=&#8220;Parkplatz &amp; elektrische Ladestation&#8220; font_container=&#8220;tag:h3|text_align:left&#8220; use_theme_fonts=&#8220;yes&#8220;]<div class=\"ult-spacer spacer-69ef65b1d7484\" data-id=\"69ef65b1d7484\" data-height=\"10\" data-height-mobile=\"10\" data-height-tab=\"10\" data-height-tab-portrait=\"\" data-height-mobile-landscape=\"\" style=\"clear:both;display:block;\"><\/div>[vc_column_text]<\/p>\n<p style=\"text-align: justify;\">F\u00fcr Ihren Komfort steht Ihnen ein Parkplatz zur Verf\u00fcgung und auf dem Grundst\u00fcck befinden sich 2 Ladestationen f\u00fcr Elektroautos.<\/p>\n<p>[\/vc_column_text]<div class=\"ult-spacer spacer-69ef65b1d749b\" data-id=\"69ef65b1d749b\" data-height=\"50\" data-height-mobile=\"50\" data-height-tab=\"50\" data-height-tab-portrait=\"\" data-height-mobile-landscape=\"\" style=\"clear:both;display:block;\"><\/div>[\/vc_column_inner][vc_column_inner width=&#8220;1\/3&#8243;][vc_single_image image=&#8220;1365&#8243; img_size=&#8220;500&#215;500&#8243;]<div class=\"ult-spacer spacer-69ef65b1d74b2\" data-id=\"69ef65b1d74b2\" data-height=\"25\" data-height-mobile=\"25\" data-height-tab=\"25\" data-height-tab-portrait=\"\" data-height-mobile-landscape=\"\" style=\"clear:both;display:block;\"><\/div>[vc_custom_heading text=&#8220;Hunde willkommen&#8220; font_container=&#8220;tag:h3|text_align:left&#8220; use_theme_fonts=&#8220;yes&#8220;]<div class=\"ult-spacer spacer-69ef65b1d74c9\" data-id=\"69ef65b1d74c9\" data-height=\"10\" data-height-mobile=\"10\" data-height-tab=\"10\" data-height-tab-portrait=\"\" data-height-mobile-landscape=\"\" style=\"clear:both;display:block;\"><\/div>[vc_column_text]<\/p>\n<p style=\"text-align: justify;\">Unsere Freunde Hunde sind in unserem Eigentum akzeptiert.<\/p>\n<p>[\/vc_column_text]<div class=\"ult-spacer spacer-69ef65b1d74df\" data-id=\"69ef65b1d74df\" data-height=\"50\" data-height-mobile=\"50\" data-height-tab=\"50\" data-height-tab-portrait=\"\" data-height-mobile-landscape=\"\" style=\"clear:both;display:block;\"><\/div>[\/vc_column_inner][vc_column_inner width=&#8220;1\/3&#8243;][vc_single_image image=&#8220;1106&#8243; img_size=&#8220;500&#215;500&#8243;]<div class=\"ult-spacer spacer-69ef65b1d74f5\" data-id=\"69ef65b1d74f5\" data-height=\"25\" data-height-mobile=\"25\" data-height-tab=\"25\" data-height-tab-portrait=\"\" data-height-mobile-landscape=\"\" style=\"clear:both;display:block;\"><\/div>[vc_custom_heading text=&#8220;PRM Zimmer&#8220; font_container=&#8220;tag:h3|text_align:left&#8220; use_theme_fonts=&#8220;yes&#8220;]<div class=\"ult-spacer spacer-69ef65b1d750b\" data-id=\"69ef65b1d750b\" data-height=\"10\" data-height-mobile=\"10\" data-height-tab=\"10\" data-height-tab-portrait=\"\" data-height-mobile-landscape=\"\" style=\"clear:both;display:block;\"><\/div>[vc_column_text]<\/p>\n<p style=\"text-align: justify;\">Die Residenz verf\u00fcgt \u00fcber zwei Unterk\u00fcnfte f\u00fcr Personen mit eingeschr\u00e4nkter Mobilit\u00e4t im unteren Teil des Grundst\u00fccks.<\/p>\n<p>[\/vc_column_text]<div class=\"ult-spacer spacer-69ef65b1d7522\" data-id=\"69ef65b1d7522\" data-height=\"50\" data-height-mobile=\"50\" data-height-tab=\"50\" data-height-tab-portrait=\"\" data-height-mobile-landscape=\"\" style=\"clear:both;display:block;\"><\/div>[\/vc_column_inner][\/vc_row_inner][\/vc_column][\/vc_row][vc_row][vc_column]<div class=\"ult-spacer spacer-69ef65b1d7539\" data-id=\"69ef65b1d7539\" data-height=\"100\" data-height-mobile=\"100\" data-height-tab=\"100\" data-height-tab-portrait=\"\" data-height-mobile-landscape=\"50\" style=\"clear:both;display:block;\"><\/div>[\/vc_column][\/vc_row][vc_row full_width=&#8220;stretch_row_content&#8220; css=&#8220;.vc_custom_1647353730175{background-color: #e6e2db !important;}&#8220;][vc_column width=&#8220;2\/3&#8243; css=&#8220;.vc_custom_1627568547497{margin-top: 0px !important;margin-right: 0px !important;margin-bottom: 0px !important;margin-left: 0px !important;border-bottom-width: 0px !important;padding-top: 0px !important;padding-right: 0px !important;padding-left: 0px !important;}&#8220;][vc_single_image image=&#8220;216&#8243; img_size=&#8220;1200&#215;650&#8243; alignment=&#8220;center&#8220; css=&#8220;.vc_custom_1641388653146{margin-top: 0px !important;margin-right: 0px !important;margin-bottom: 0px !important;margin-left: 0px !important;padding-top: 0px !important;padding-right: 0px !important;padding-bottom: 0px !important;padding-left: 0px !important;}&#8220;][\/vc_column][vc_column width=&#8220;1\/3&#8243; css=&#8220;.vc_custom_1627568609056{margin-right: 0px !important;margin-left: 0px !important;padding-top: 50px !important;padding-right: 25px !important;padding-bottom: 50px !important;padding-left: 25px !important;}&#8220;]<div class=\"ult-spacer spacer-69ef65b1d7550\" data-id=\"69ef65b1d7550\" data-height=\"25\" data-height-mobile=\"25\" data-height-tab=\"25\" data-height-tab-portrait=\"\" data-height-mobile-landscape=\"\" style=\"clear:both;display:block;\"><\/div>[vc_custom_heading text=&#8220;Direkt buchen&#8220; font_container=&#8220;tag:h3|text_align:left&#8220; use_theme_fonts=&#8220;yes&#8220;][vc_custom_heading text=&#8220;Vorteile&#8220; font_container=&#8220;tag:h5|text_align:left&#8220; use_theme_fonts=&#8220;yes&#8220;]<div class=\"ult-spacer spacer-69ef65b1d7565\" data-id=\"69ef65b1d7565\" data-height=\"25\" data-height-mobile=\"25\" data-height-tab=\"25\" data-height-tab-portrait=\"\" data-height-mobile-landscape=\"\" style=\"clear:both;display:block;\"><\/div>[vc_column_text css=&#8220;.vc_custom_1653035940764{margin-bottom: 0px !important;}&#8220;]Bestpreis garantiert<\/p>\n<p>Sonderangebote<\/p>\n<p>Keine Geb\u00fchren f\u00fcr Buchungen<\/p>\n<p>Flexiblere Stornierung<\/p>\n<p>Direkt kommunizieren &#8211; keine Mittelsm\u00e4nner<\/p>\n<p>Buchungen ohne \u00dcberraschungen<\/p>\n<p>Aufenthalt auf Ihre Bed\u00fcrfnisse zugeschnitten[\/vc_column_text]<div class=\"ult-spacer spacer-69ef65b1d757a\" data-id=\"69ef65b1d757a\" data-height=\"10\" data-height-mobile=\"10\" data-height-tab=\"10\" data-height-tab-portrait=\"\" data-height-mobile-landscape=\"\" style=\"clear:both;display:block;\"><\/div><style type=\"text\/css\" data-type=\"the7_shortcodes-inline-css\">#default-btn-bc039029d246c90521c3a06220c28dd8.ico-right-side > i {\n  margin-right: 0px;\n  margin-left: 8px;\n}\n#default-btn-bc039029d246c90521c3a06220c28dd8 > i {\n  margin-right: 8px;\n}\n<\/style><a href=\"https:\/\/www.secure-hotel-booking.com\/smart\/Residence-Casarina\/JJBV\/de\/\" class=\"default-btn-shortcode dt-btn dt-btn-m link-hover-off widget-resa btn-inline-left \" target=\"_blank\" id=\"default-btn-bc039029d246c90521c3a06220c28dd8\" title=\"Buchen\" rel=\"noopener\"><span>Buchen<\/span><\/a><div class=\"ult-spacer spacer-69ef65b1d761b\" data-id=\"69ef65b1d761b\" data-height=\"25\" data-height-mobile=\"25\" data-height-tab=\"25\" data-height-tab-portrait=\"\" data-height-mobile-landscape=\"\" style=\"clear:both;display:block;\"><\/div>[\/vc_column][\/vc_row][vc_row full_width=&#8220;stretch_row_content_no_spaces&#8220;][vc_column css=&#8220;.vc_custom_1627559679722{padding-top: 0px !important;}&#8220;]<div class=\"ult-spacer spacer-69ef65b1d7637\" data-id=\"69ef65b1d7637\" data-height=\"100\" data-height-mobile=\"50\" data-height-tab=\"\" data-height-tab-portrait=\"\" data-height-mobile-landscape=\"\" style=\"clear:both;display:block;\"><\/div><div class=\"sbvcgmap-map-wrapper\" style=\"width:100%;height:400px\"><div class=\"sbvcgmap-map\" zoom=\"8\" maptype=\"ROADMAP\" panoramatogglebutton=\"no\" pancontrol=\"yes\" pancontrol_position=\"TOP_LEFT\" zoomcontrol=\"no\" zoomcontrol_position=\"TOP_LEFT\" zoomcontrolstyle=\"SMALL\" maptypecontrol=\"yes\" maptypecontrol_position=\"TOP_RIGHT\" streetviewcontrol=\"yes\" streetviewcontrol_position=\"TOP_LEFT\" overviewmapcontrol=\"yes\" overviewmapcontrolvisible=\"no\" maptypecontrolstyle=\"DEFAULT\" mapstyle=\"style-32\" weather=\"no\" traffic=\"no\" transit=\"no\" bicycle=\"no\" panoramio=\"no\" draggable=\"yes\" scrollwheel=\"no\" cplatitude=\"0\" cplongitude=\"0\" scalecontrol=\"yes\" searchtype=\"disabled\" searchradius=\"500\" searchiconanimation=\"NONE\" searchdirectiontext=\"\" reloadonresize=\"no\" clustering=\"no\" style=\"width:100%;height:400px\"><div class=\"sbvcgmap-marker\" data-lat=\"41.406802936359\" data-lng=\"9.2116424423292\" infowindow=\"no\" animation=\"NONE\" customstyles=\"no\" ><\/div><\/div><\/div>[\/vc_column][\/vc_row]<\/p>\n<\/div>","protected":false},"excerpt":{"rendered":"<p>[vc_row css=&#8220;.vc_custom_1686923098039{padding-right: 10px !important;padding-left: 10px !important;}&#8220;][vc_column][\/vc_column][\/vc_row][vc_row full_width=&#8220;stretch_row_content&#8220; css=&#8220;.vc_custom_1627481226197{padding-right: 15px !important;padding-left: 15px !important;}&#8220;][vc_column width=&#8220;1\/4&#8243;][\/vc_column][vc_column width=&#8220;1\/2&#8243;][vc_custom_heading text=&#8220;Intime Atmosph\u00e4re wo sich korsische Tradition und moderne Lebensweise treffen&#8220; font_container=&#8220;tag:h1|text_align:center|line_height:26px&#8220; use_theme_fonts=&#8220;yes&#8220;][vc_column_text] Als Noelle und David in 2011 Casarina kauften, stellten sie sich die Aufgabe, die Residenz komplett zu renovieren und dabei ihre pers\u00f6nliche Note einzubringen. Die Gem\u00fctlichkeit, dort zu leben,&hellip;<\/p>\n","protected":false},"author":1,"featured_media":0,"parent":0,"menu_order":1,"comment_status":"closed","ping_status":"closed","template":"","meta":{"footnotes":""},"class_list":["post-867","page","type-page","status-publish","hentry","description-off"],"aioseo_notices":[],"_links":{"self":[{"href":"https:\/\/residence-casarina.com\/de\/wp-json\/wp\/v2\/pages\/867","targetHints":{"allow":["GET"]}}],"collection":[{"href":"https:\/\/residence-casarina.com\/de\/wp-json\/wp\/v2\/pages"}],"about":[{"href":"https:\/\/residence-casarina.com\/de\/wp-json\/wp\/v2\/types\/page"}],"author":[{"embeddable":true,"href":"https:\/\/residence-casarina.com\/de\/wp-json\/wp\/v2\/users\/1"}],"replies":[{"embeddable":true,"href":"https:\/\/residence-casarina.com\/de\/wp-json\/wp\/v2\/comments?post=867"}],"version-history":[{"count":22,"href":"https:\/\/residence-casarina.com\/de\/wp-json\/wp\/v2\/pages\/867\/revisions"}],"predecessor-version":[{"id":1949,"href":"https:\/\/residence-casarina.com\/de\/wp-json\/wp\/v2\/pages\/867\/revisions\/1949"}],"wp:attachment":[{"href":"https:\/\/residence-casarina.com\/de\/wp-json\/wp\/v2\/media?parent=867"}],"curies":[{"name":"wp","href":"https:\/\/api.w.org\/{rel}","templated":true}]}}